{"id":307,"date":"2023-09-21T11:18:47","date_gmt":"2023-09-21T09:18:47","guid":{"rendered":"https:\/\/ecstatic-roentgen.31-24-155-213.plesk.page\/il-nostro-team\/"},"modified":"2023-11-06T19:04:56","modified_gmt":"2023-11-06T18:04:56","slug":"il-nostro-team","status":"publish","type":"page","link":"https:\/\/dental-planet.eu\/it\/la-nostra-clinica\/il-nostro-team\/","title":{"rendered":"Il nostro team"},"content":{"rendered":"<section class=\"l-section wpb_row height_medium width_custom\" style=\"--site-content-width:1340px;\"><div class=\"l-section-h i-cf\"><div class=\"g-cols vc_row via_grid cols_1 laptops-cols_inherit tablets-cols_inherit mobiles-cols_1 valign_top type_default stacking_default\"><div class=\"wpb_column vc_column_container\"><div class=\"vc_column-inner\"><div class=\"g-cols wpb_row via_grid cols_1 laptops-cols_inherit tablets-cols_inherit mobiles-cols_1 valign_top type_default stacking_default\"><div class=\"wpb_column vc_column_container\"><div class=\"vc_column-inner\">[vc_custom_heading text=&#8221;UN TEAM DI SPECIALISTI AL VOSTRO SERVIZIO&#8221; font_container=&#8221;tag:h2|text_align:center&#8221; use_theme_fonts=&#8221;yes&#8221;]<div class=\"wpb_text_column\"><div class=\"wpb_wrapper\"><p style=\"text-align: justify;\">Gli impianti sono radici dentali artificiali. \u00c8 quasi come se i denti perduti ricrescessero nella nostra bocca. L&#8217;inserimento degli impianti deve sempre essere effettuato da un implantologo specializzato in questo settore dell&#8217;odontoiatria.<\/p>\n<\/div><\/div><div class=\"w-separator size_custom\" style=\"height:50px\"><\/div><\/div><\/div><\/div><div class=\"g-cols wpb_row via_grid cols_4 laptops-cols_inherit tablets-cols_inherit mobiles-cols_1 valign_top type_default stacking_default\"><div class=\"wpb_column vc_column_container\"><div class=\"vc_column-inner\"><div class=\"w-person layout_circle\" itemscope itemtype=\"https:\/\/schema.org\/Person\"><div class=\"w-person-image\"><img loading=\"lazy\" decoding=\"async\" width=\"1024\" height=\"1024\" src=\"https:\/\/dental-planet.eu\/wp-content\/uploads\/2023\/10\/farnos-v1.png\" class=\"attachment-large size-large\" alt=\"\" srcset=\"https:\/\/dental-planet.eu\/wp-content\/uploads\/2023\/10\/farnos-v1.png 1024w, https:\/\/dental-planet.eu\/wp-content\/uploads\/2023\/10\/farnos-v1-300x300.png 300w, https:\/\/dental-planet.eu\/wp-content\/uploads\/2023\/10\/farnos-v1-150x150.png 150w\" sizes=\"auto, (max-width: 1024px) 100vw, 1024px\" \/><div class=\"img_hover\" style=\"background-image:url(https:\/\/dental-planet.eu\/wp-content\/uploads\/2023\/10\/farnos-v2.png)\"><\/div><\/div><div class=\"w-person-content\"><h4 itemprop=\"name\" class=\"w-person-name\"><span>Dott. Alvaro Farn\u00f3s<\/span><\/h4><div class=\"w-person-role\" itemprop=\"jobTitle\">Implantologo<\/div><\/div><\/div><div class=\"w-popup w-btn-wrapper align_center\"><button aria-label=\"Ulteriori informazioni\" class=\"w-popup-trigger type_btn w-btn us-btn-style_1 icon_atleft\"><i class=\"fas fa-info\"><\/i><span class=\"w-btn-label\">Ulteriori informazioni<\/span><\/button><div class=\"w-popup-overlay\" style=\"background:rgba(0,0,0,0.85);\"><\/div><div class=\"w-popup-wrap\" style=\"--title-color:var(--color-content-heading);--title-bg-color:var(--color-content-bg-alt);--content-color:var(--color-content-text);--content-bg-color:var(--color-content-bg)\"><div class=\"w-popup-box animation_fadeIn closerpos_outside without_title\" style=\"width:600px;\"><div class=\"w-popup-box-h\"><div class=\"w-popup-box-content\" style=\"padding:5%;\"><h2 style=\"text-align: center;\"><strong>Dott. \u00c1lvaro Farn\u00f3s<\/strong><\/h2>\n<p style=\"text-align: justify;\">Con l&#8217;implantologo Dr. Alvaro Farn\u00f3s Visedo (Universit\u00e0 di Loma Linda, California, USA) abbiamo nel nostro team un illustre specialista, professore di implantologia presso l&#8217;Universit\u00e0 Rey Juan Carlos di Madrid. Il dottor Farn\u00f3s opera ogni settimana nella nostra clinica.<\/p>\n<\/div><\/div><\/div><div class=\"w-popup-closer\"><\/div><\/div><\/div><\/div><\/div><div class=\"wpb_column vc_column_container\"><div class=\"vc_column-inner\"><div class=\"w-person layout_circle\" itemscope itemtype=\"https:\/\/schema.org\/Person\"><div class=\"w-person-image\"><img loading=\"lazy\" decoding=\"async\" width=\"1024\" height=\"1024\" src=\"https:\/\/dental-planet.eu\/wp-content\/uploads\/2023\/10\/machio-v1.png\" class=\"attachment-large size-large\" alt=\"\" srcset=\"https:\/\/dental-planet.eu\/wp-content\/uploads\/2023\/10\/machio-v1.png 1024w, https:\/\/dental-planet.eu\/wp-content\/uploads\/2023\/10\/machio-v1-300x300.png 300w, https:\/\/dental-planet.eu\/wp-content\/uploads\/2023\/10\/machio-v1-150x150.png 150w\" sizes=\"auto, (max-width: 1024px) 100vw, 1024px\" \/><div class=\"img_hover\" style=\"background-image:url(https:\/\/dental-planet.eu\/wp-content\/uploads\/2023\/10\/machio-v2.png)\"><\/div><\/div><div class=\"w-person-content\"><h4 itemprop=\"name\" class=\"w-person-name\"><span>Il dottor A.M. Machio<\/span><\/h4><div class=\"w-person-role\" itemprop=\"jobTitle\">Dentista<\/div><\/div><\/div><div class=\"w-popup w-btn-wrapper align_center\"><button aria-label=\"Ulteriori informazioni\" class=\"w-popup-trigger type_btn w-btn us-btn-style_1 icon_atleft\"><i class=\"fas fa-info\"><\/i><span class=\"w-btn-label\">Ulteriori informazioni<\/span><\/button><div class=\"w-popup-overlay\" style=\"background:rgba(0,0,0,0.85);\"><\/div><div class=\"w-popup-wrap\" style=\"--title-color:var(--color-content-heading);--title-bg-color:var(--color-content-bg-alt);--content-color:var(--color-content-text);--content-bg-color:var(--color-content-bg)\"><div class=\"w-popup-box animation_fadeIn closerpos_outside without_title\" style=\"width:600px;\"><div class=\"w-popup-box-h\"><div class=\"w-popup-box-content\" style=\"padding:5%;\"><h2 style=\"text-align: center;\"><strong>Il dottor A.M. Machio<\/strong><\/h2>\n<p style=\"text-align: justify;\">Laurea in Medicina e Chirurgia presso l&#8217;Universit\u00e0 di Extremadura (1986).<br \/>\nSpecialista in Stomatologia presso l&#8217;Universit\u00e0 di Siviglia (1991).<br \/>\nMaster in Estetica dentale e faccette del Centro Europeo di Ortodonzia.<br \/>\nMaster in Occlusione e Protesi con il Dr. Ferrer (Valencia, 1997-1998).<br \/>\nHa sviluppato il suo lavoro a Lisbona (dedicandosi esclusivamente alla protesi fissa) collaborando nella clinica del dottor Raul Nobre (1992-2000).<br \/>\nPresso il CEOSA (Centro Europeo di Ortodonzia) nel reparto di odontoiatria conservativa e protesi per adulti dal 1991 al 1996.<\/p>\n<\/div><\/div><\/div><div class=\"w-popup-closer\"><\/div><\/div><\/div><\/div><\/div><div class=\"wpb_column vc_column_container\"><div class=\"vc_column-inner\"><div class=\"w-person layout_circle\" itemscope itemtype=\"https:\/\/schema.org\/Person\"><div class=\"w-person-image\"><img loading=\"lazy\" decoding=\"async\" width=\"1024\" height=\"1024\" src=\"https:\/\/dental-planet.eu\/wp-content\/uploads\/2023\/10\/celso-v1.png\" class=\"attachment-large size-large\" alt=\"\" srcset=\"https:\/\/dental-planet.eu\/wp-content\/uploads\/2023\/10\/celso-v1.png 1024w, https:\/\/dental-planet.eu\/wp-content\/uploads\/2023\/10\/celso-v1-300x300.png 300w, https:\/\/dental-planet.eu\/wp-content\/uploads\/2023\/10\/celso-v1-150x150.png 150w\" sizes=\"auto, (max-width: 1024px) 100vw, 1024px\" \/><div class=\"img_hover\" style=\"background-image:url(https:\/\/dental-planet.eu\/wp-content\/uploads\/2023\/10\/celso-v2.png)\"><\/div><\/div><div class=\"w-person-content\"><h4 itemprop=\"name\" class=\"w-person-name\"><span>Dott. Celso Carpintero<\/span><\/h4><div class=\"w-person-role\" itemprop=\"jobTitle\">Dentista<\/div><\/div><\/div><div class=\"w-popup w-btn-wrapper align_center\"><button aria-label=\"Ulteriori informazioni\" class=\"w-popup-trigger type_btn w-btn us-btn-style_1 icon_atleft\"><i class=\"fas fa-info\"><\/i><span class=\"w-btn-label\">Ulteriori informazioni<\/span><\/button><div class=\"w-popup-overlay\" style=\"background:rgba(0,0,0,0.85);\"><\/div><div class=\"w-popup-wrap\" style=\"--title-color:var(--color-content-heading);--title-bg-color:var(--color-content-bg-alt);--content-color:var(--color-content-text);--content-bg-color:var(--color-content-bg)\"><div class=\"w-popup-box animation_fadeIn closerpos_outside without_title\" style=\"width:600px;\"><div class=\"w-popup-box-h\"><div class=\"w-popup-box-content\" style=\"padding:5%;\"><h2 style=\"text-align: center;\"><strong>Dott. Celso Carpintero<\/strong><\/h2>\n<p style=\"text-align: justify;\">Il dottor Celso Carpintero ha studiato presso l&#8217;Universit\u00e0 Europea di Madrid, dove si \u00e8 laureato in odontoiatria nel 2008. Ha poi lavorato in Inghilterra per 10 anni e quindi ha una perfetta padronanza dell&#8217;inglese. Le sue specializzazioni riguardano le protesi dentarie di alta qualit\u00e0, l&#8217;estetica dentale e l&#8217;odontoiatria conservativa (ad esempio otturazioni, canali radicolari, ecc.). I nostri pazienti apprezzano la sua empatia, sensibilit\u00e0 e pazienza, soprattutto i pazienti timorosi e i bambini.<\/p>\n<\/div><\/div><\/div><div class=\"w-popup-closer\"><\/div><\/div><\/div><\/div><\/div><div class=\"wpb_column vc_column_container\"><div class=\"vc_column-inner\"><div class=\"w-person layout_circle\" itemscope itemtype=\"https:\/\/schema.org\/Person\"><div class=\"w-person-image\"><img loading=\"lazy\" decoding=\"async\" width=\"1024\" height=\"1024\" src=\"https:\/\/dental-planet.eu\/wp-content\/uploads\/2023\/10\/klaus-v1.png\" class=\"attachment-large size-large\" alt=\"\" srcset=\"https:\/\/dental-planet.eu\/wp-content\/uploads\/2023\/10\/klaus-v1.png 1024w, https:\/\/dental-planet.eu\/wp-content\/uploads\/2023\/10\/klaus-v1-300x300.png 300w, https:\/\/dental-planet.eu\/wp-content\/uploads\/2023\/10\/klaus-v1-150x150.png 150w\" sizes=\"auto, (max-width: 1024px) 100vw, 1024px\" \/><div class=\"img_hover\" style=\"background-image:url(https:\/\/dental-planet.eu\/wp-content\/uploads\/2023\/10\/klaus-v2.png)\"><\/div><\/div><div class=\"w-person-content\"><h4 itemprop=\"name\" class=\"w-person-name\"><span>Klaus Reger<\/span><\/h4><div class=\"w-person-role\" itemprop=\"jobTitle\">Protesista dentale<\/div><\/div><\/div><div class=\"w-popup w-btn-wrapper align_center\"><button aria-label=\"Ulteriori informazioni\" class=\"w-popup-trigger type_btn w-btn us-btn-style_1 icon_atleft\"><i class=\"fas fa-info\"><\/i><span class=\"w-btn-label\">Ulteriori informazioni<\/span><\/button><div class=\"w-popup-overlay\" style=\"background:rgba(0,0,0,0.85);\"><\/div><div class=\"w-popup-wrap\" style=\"--title-color:var(--color-content-heading);--title-bg-color:var(--color-content-bg-alt);--content-color:var(--color-content-text);--content-bg-color:var(--color-content-bg)\"><div class=\"w-popup-box animation_fadeIn closerpos_outside without_title\" style=\"width:600px;\"><div class=\"w-popup-box-h\"><div class=\"w-popup-box-content\" style=\"padding:5%;\"><h2 style=\"text-align: center;\"><strong>Klaus Reger<\/strong><\/h2>\n<p style=\"text-align: justify;\">Il nostro laboratorio odontotecnico, sotto la direzione del maestro odontotecnico Sr. Klaus Reger, ha un valore inestimabile per noi. Solo una perfetta armonia in clinica tra il protesista, l&#8217;implantologo e il protesista garantisce il successo del lavoro.<br \/>\nQuando gli specialisti lavorano insieme, l&#8217;eccellenza del risultato \u00e8 garantita!<\/p>\n<\/div><\/div><\/div><div class=\"w-popup-closer\"><\/div><\/div><\/div><\/div><\/div><\/div><\/div><\/div><\/div><\/div><\/section><section class=\"l-section wpb_row us_custom_b03640aa height_medium width_custom\" style=\"--site-content-width:1340px;\"><div class=\"l-section-h i-cf\"><div class=\"g-cols vc_row via_grid cols_1 laptops-cols_inherit tablets-cols_inherit mobiles-cols_1 valign_top type_default stacking_default\"><div class=\"wpb_column vc_column_container\"><div class=\"vc_column-inner\"><div class=\"g-cols wpb_row via_grid cols_1 laptops-cols_inherit tablets-cols_inherit mobiles-cols_1 valign_top type_default stacking_default\"><div class=\"wpb_column vc_column_container\"><div class=\"vc_column-inner\">[vc_custom_heading text=&#8221;Team Profilassi &#8211; Igiene orale&#8221; font_container=&#8221;tag:h2|text_align:center&#8221; use_theme_fonts=&#8221;yes&#8221;]<div class=\"wpb_text_column\"><div class=\"wpb_wrapper\"><p style=\"text-align: justify;\">Le nostre assistenti Anja Wagner e Rosa Monle\u00f3n , igienista dentale, si occupano della profilassi e del trattamento parodontale. Sono le fate buone della nostra clinica e fanno tutto il possibile per aiutarvi a mantenere i vostri denti sani. Saranno lieti di mostrarvi come pulire correttamente i denti e di motivarvi a farlo.<\/p>\n<\/div><\/div><div class=\"w-separator size_custom\" style=\"height:50px\"><\/div><\/div><\/div><\/div><div class=\"g-cols wpb_row via_grid cols_4 laptops-cols_inherit tablets-cols_inherit mobiles-cols_1 valign_top type_default stacking_default\"><div class=\"wpb_column vc_column_container\"><div class=\"vc_column-inner\"><\/div><\/div><div class=\"wpb_column vc_column_container\"><div class=\"vc_column-inner\"><div class=\"w-person layout_circle\" itemscope itemtype=\"https:\/\/schema.org\/Person\"><div class=\"w-person-image\"><img loading=\"lazy\" decoding=\"async\" width=\"1024\" height=\"1024\" src=\"https:\/\/dental-planet.eu\/wp-content\/uploads\/2023\/10\/anja-v1.png\" class=\"attachment-large size-large\" alt=\"\" srcset=\"https:\/\/dental-planet.eu\/wp-content\/uploads\/2023\/10\/anja-v1.png 1024w, https:\/\/dental-planet.eu\/wp-content\/uploads\/2023\/10\/anja-v1-300x300.png 300w, https:\/\/dental-planet.eu\/wp-content\/uploads\/2023\/10\/anja-v1-150x150.png 150w\" sizes=\"auto, (max-width: 1024px) 100vw, 1024px\" \/><div class=\"img_hover\" style=\"background-image:url(https:\/\/dental-planet.eu\/wp-content\/uploads\/2023\/10\/anja-v2.png)\"><\/div><\/div><div class=\"w-person-content\"><h4 itemprop=\"name\" class=\"w-person-name\"><span>Anja Wagner<\/span><\/h4><div class=\"w-person-role\" itemprop=\"jobTitle\">Igienista dentale<\/div><\/div><\/div><div class=\"w-popup w-btn-wrapper align_center\"><button aria-label=\"Ulteriori informazioni\" class=\"w-popup-trigger type_btn w-btn us-btn-style_1 icon_atleft\"><i class=\"fas fa-info\"><\/i><span class=\"w-btn-label\">Ulteriori informazioni<\/span><\/button><div class=\"w-popup-overlay\" style=\"background:rgba(0,0,0,0.85);\"><\/div><div class=\"w-popup-wrap\" style=\"--title-color:var(--color-content-heading);--title-bg-color:var(--color-content-bg-alt);--content-color:var(--color-content-text);--content-bg-color:var(--color-content-bg)\"><div class=\"w-popup-box animation_fadeIn closerpos_outside without_title\" style=\"width:600px;\"><div class=\"w-popup-box-h\"><div class=\"w-popup-box-content\" style=\"padding:5%;\"><h2 style=\"text-align: center;\"><strong>Anja Wagner<\/strong><\/h2>\n<p style=\"text-align: justify;\"><strong>Anja Wagner<\/strong>, assistente di igiene dentale <strong><br \/>\n  <a href=\"https:\/\/www.dental-planet.eu\/higiene-dental-torrevieja-higienista-bucodental-espana-profilaxis-dental-limpieza-de-dientes-encia-remover-sarro-placa-dental-cuidados-dentales-air-flow-dentista-aleman-que-habla-espanol-rojales-alicante-\/\">igiene dentale<\/a><br \/>\n<\/strong> nel nostro pianeta odontoiatrico in Spagna, a Rojales.<\/p>\n<\/div><\/div><\/div><div class=\"w-popup-closer\"><\/div><\/div><\/div><\/div><\/div><div class=\"wpb_column vc_column_container\"><div class=\"vc_column-inner\"><div class=\"w-person layout_circle\" itemscope itemtype=\"https:\/\/schema.org\/Person\"><div class=\"w-person-image\"><img loading=\"lazy\" decoding=\"async\" width=\"1024\" height=\"1024\" src=\"https:\/\/dental-planet.eu\/wp-content\/uploads\/2023\/10\/rosa-monleon.png\" class=\"attachment-large size-large\" alt=\"\" srcset=\"https:\/\/dental-planet.eu\/wp-content\/uploads\/2023\/10\/rosa-monleon.png 1024w, https:\/\/dental-planet.eu\/wp-content\/uploads\/2023\/10\/rosa-monleon-300x300.png 300w, https:\/\/dental-planet.eu\/wp-content\/uploads\/2023\/10\/rosa-monleon-150x150.png 150w\" sizes=\"auto, (max-width: 1024px) 100vw, 1024px\" \/><div class=\"img_hover\" style=\"background-image:url(https:\/\/dental-planet.eu\/wp-content\/uploads\/2023\/10\/rosa-monleon-v2.png)\"><\/div><\/div><div class=\"w-person-content\"><h4 itemprop=\"name\" class=\"w-person-name\"><span>Rosa Monle\u00f3n<\/span><\/h4><div class=\"w-person-role\" itemprop=\"jobTitle\">Igienista dentale<\/div><\/div><\/div><div class=\"w-popup w-btn-wrapper align_center\"><button aria-label=\"Ulteriori informazioni\" class=\"w-popup-trigger type_btn w-btn us-btn-style_1 icon_atleft\"><i class=\"fas fa-info\"><\/i><span class=\"w-btn-label\">Ulteriori informazioni<\/span><\/button><div class=\"w-popup-overlay\" style=\"background:rgba(0,0,0,0.85);\"><\/div><div class=\"w-popup-wrap\" style=\"--title-color:var(--color-content-heading);--title-bg-color:var(--color-content-bg-alt);--content-color:var(--color-content-text);--content-bg-color:var(--color-content-bg)\"><div class=\"w-popup-box animation_fadeIn closerpos_outside without_title\" style=\"width:600px;\"><div class=\"w-popup-box-h\"><div class=\"w-popup-box-content\" style=\"padding:5%;\"><h2 style=\"text-align: center;\"><strong>Rosa Monle\u00f3n<\/strong><\/h2>\n<p style=\"text-align: justify;\">Rosa Monle\u00f3n \u00e8 un&#8217;igienista orale qualificata, insegnante per la formazione di assistenti dentali presso l&#8217;Accademia Albali di Alicante &#8211; \u00e8 un&#8217;igienista dentale che lavora in modo molto attento e delicato. Ha una formazione specifica in <strong><br \/>\n  <a href=\"https:\/\/www.dental-planet.eu\/higiene-dental-torrevieja-higienista-bucodental-espana-profilaxis-dental-limpieza-de-dientes-encia-remover-sarro-placa-dental-cuidados-dentales-air-flow-dentista-aleman-que-habla-espanol-rojales-alicante-\/\">igiene dentale<\/a><br \/>\n<\/strong> di pazienti con paura del dentista, bambini, disabili e pazienti con difficolt\u00e0 respiratorie.<\/p>\n<\/div><\/div><\/div><div class=\"w-popup-closer\"><\/div><\/div><\/div><\/div><\/div><div class=\"wpb_column vc_column_container\"><div class=\"vc_column-inner\"><\/div><\/div><\/div><\/div><\/div><\/div><\/div><\/section><section class=\"l-section wpb_row us_custom_8d45c27c height_medium\"><div class=\"l-section-h i-cf\"><div class=\"g-cols vc_row via_grid cols_1 laptops-cols_inherit tablets-cols_inherit mobiles-cols_1 valign_top type_default stacking_default\"><div class=\"wpb_column vc_column_container\"><div class=\"vc_column-inner\">[vc_custom_heading text=&#8221;Ricezione&#8221; font_container=&#8221;tag:h2|text_align:center&#8221; use_theme_fonts=&#8221;yes&#8221;]<div class=\"g-cols wpb_row via_grid cols_3 laptops-cols_inherit tablets-cols_inherit mobiles-cols_1 valign_top type_default stacking_default\"><div class=\"wpb_column vc_column_container\"><div class=\"vc_column-inner\"><\/div><\/div><div class=\"wpb_column vc_column_container\"><div class=\"vc_column-inner\"><div class=\"w-person layout_circle\" itemscope itemtype=\"https:\/\/schema.org\/Person\"><div class=\"w-person-image\"><img loading=\"lazy\" decoding=\"async\" width=\"1024\" height=\"1024\" src=\"https:\/\/dental-planet.eu\/wp-content\/uploads\/2023\/10\/maria.png\" class=\"attachment-large size-large\" alt=\"\" srcset=\"https:\/\/dental-planet.eu\/wp-content\/uploads\/2023\/10\/maria.png 1024w, https:\/\/dental-planet.eu\/wp-content\/uploads\/2023\/10\/maria-300x300.png 300w, https:\/\/dental-planet.eu\/wp-content\/uploads\/2023\/10\/maria-150x150.png 150w\" sizes=\"auto, (max-width: 1024px) 100vw, 1024px\" \/><div class=\"img_hover\" style=\"background-image:url(https:\/\/dental-planet.eu\/wp-content\/uploads\/2023\/10\/maria-v2.png)\"><\/div><\/div><div class=\"w-person-content\"><h4 itemprop=\"name\" class=\"w-person-name\"><span>Maria Braeuer<\/span><\/h4><div class=\"w-person-role\" itemprop=\"jobTitle\">Ricezione<\/div><\/div><\/div><div class=\"w-popup w-btn-wrapper align_center\"><button aria-label=\"Ulteriori informazioni\" class=\"w-popup-trigger type_btn w-btn us-btn-style_1 icon_atleft\"><i class=\"fas fa-info\"><\/i><span class=\"w-btn-label\">Ulteriori informazioni<\/span><\/button><div class=\"w-popup-overlay\" style=\"background:rgba(0,0,0,0.85);\"><\/div><div class=\"w-popup-wrap\" style=\"--title-color:var(--color-content-heading);--title-bg-color:var(--color-content-bg-alt);--content-color:var(--color-content-text);--content-bg-color:var(--color-content-bg)\"><div class=\"w-popup-box animation_fadeIn closerpos_outside without_title\" style=\"width:600px;\"><div class=\"w-popup-box-h\"><div class=\"w-popup-box-content\" style=\"padding:5%;\"><h2 style=\"text-align: center;\"><strong>Maria Braeuer<\/strong><\/h2>\n<p style=\"text-align: justify;\">La signora <strong>Maria Braeuer<\/strong> vi accoglier\u00e0 alla reception del Dental Planet.<br \/>\nSi occupa di coordinare i pazienti, accogliendoli e aprendo loro la cartella clinica quando arrivano per la prima volta, consegnando loro il piano di appuntamenti per il lavoro da svolgere, mantenendo i contatti telefonici o via e-mail, risolvendo i loro piccoli dubbi e problemi organizzativi. Vi assister\u00e0 volentieri in spagnolo, e i nostri pazienti in visita da altre parti d&#8217;Europa in tedesco, inglese, francese o italiano.<\/p>\n<\/div><\/div><\/div><div class=\"w-popup-closer\"><\/div><\/div><\/div><\/div><\/div><div class=\"wpb_column vc_column_container\"><div class=\"vc_column-inner\"><\/div><\/div><\/div><\/div><\/div><\/div><\/div><\/section>\n","protected":false},"excerpt":{"rendered":"[vc_custom_heading text=\"UN TEAM DI SPECIALISTI AL VOSTRO SERVIZIO\" font_container=\"tag:h2|text_align:center\" use_theme_fonts=\"yes\"]Gli impianti sono radici dentali artificiali. \u00c8 quasi come se i denti perduti ricrescessero nella nostra bocca. L&#8217;inserimento degli impianti deve sempre essere effettuato da un implantologo specializzato in questo settore dell&#8217;odontoiatria. Dott. Alvaro Farn\u00f3sImplantologoUlteriori informazioniDott. \u00c1lvaro Farn\u00f3s Con l'implantologo Dr. Alvaro Farn\u00f3s Visedo (Universit\u00e0 di...","protected":false},"author":1,"featured_media":0,"parent":463,"menu_order":0,"comment_status":"closed","ping_status":"closed","template":"","meta":{"footnotes":""},"class_list":["post-307","page","type-page","status-publish","hentry"],"_links":{"self":[{"href":"https:\/\/dental-planet.eu\/it\/wp-json\/wp\/v2\/pages\/307","targetHints":{"allow":["GET"]}}],"collection":[{"href":"https:\/\/dental-planet.eu\/it\/wp-json\/wp\/v2\/pages"}],"about":[{"href":"https:\/\/dental-planet.eu\/it\/wp-json\/wp\/v2\/types\/page"}],"author":[{"embeddable":true,"href":"https:\/\/dental-planet.eu\/it\/wp-json\/wp\/v2\/users\/1"}],"replies":[{"embeddable":true,"href":"https:\/\/dental-planet.eu\/it\/wp-json\/wp\/v2\/comments?post=307"}],"version-history":[{"count":15,"href":"https:\/\/dental-planet.eu\/it\/wp-json\/wp\/v2\/pages\/307\/revisions"}],"predecessor-version":[{"id":2820,"href":"https:\/\/dental-planet.eu\/it\/wp-json\/wp\/v2\/pages\/307\/revisions\/2820"}],"up":[{"embeddable":true,"href":"https:\/\/dental-planet.eu\/it\/wp-json\/wp\/v2\/pages\/463"}],"wp:attachment":[{"href":"https:\/\/dental-planet.eu\/it\/wp-json\/wp\/v2\/media?parent=307"}],"curies":[{"name":"wp","href":"https:\/\/api.w.org\/{rel}","templated":true}]}}