{"id":301,"date":"2023-09-21T11:18:47","date_gmt":"2023-09-21T09:18:47","guid":{"rendered":"https:\/\/ecstatic-roentgen.31-24-155-213.plesk.page\/notre-equipe\/"},"modified":"2023-11-06T19:05:00","modified_gmt":"2023-11-06T18:05:00","slug":"notre-equipe","status":"publish","type":"page","link":"https:\/\/dental-planet.eu\/fr\/notre-clinique\/notre-equipe\/","title":{"rendered":"Notre \u00e9quipe"},"content":{"rendered":"<section class=\"l-section wpb_row height_medium width_custom\" style=\"--site-content-width:1340px;\"><div class=\"l-section-h i-cf\"><div class=\"g-cols vc_row via_grid cols_1 laptops-cols_inherit tablets-cols_inherit mobiles-cols_1 valign_top type_default stacking_default\"><div class=\"wpb_column vc_column_container\"><div class=\"vc_column-inner\"><div class=\"g-cols wpb_row via_grid cols_1 laptops-cols_inherit tablets-cols_inherit mobiles-cols_1 valign_top type_default stacking_default\"><div class=\"wpb_column vc_column_container\"><div class=\"vc_column-inner\">[vc_custom_heading text=\u00a0\u00bbUNE \u00c9QUIPE DE SP\u00c9CIALISTES \u00c0 VOTRE SERVICE\u00a0\u00bb font_container=\u00a0\u00bbtag:h2|text_align:center\u00a0\u00bb use_theme_fonts=\u00a0\u00bbyes\u00a0\u00bb]<div class=\"wpb_text_column\"><div class=\"wpb_wrapper\"><p style=\"text-align: justify;\">Les implants sont des racines dentaires artificielles. C&rsquo;est un peu comme si les dents perdues repoussaient dans nos bouches. La pose d&rsquo;implants doit toujours \u00eatre effectu\u00e9e par un implantologue sp\u00e9cialis\u00e9 dans ce domaine de la dentisterie.<\/p>\n<\/div><\/div><div class=\"w-separator size_custom\" style=\"height:50px\"><\/div><\/div><\/div><\/div><div class=\"g-cols wpb_row via_grid cols_4 laptops-cols_inherit tablets-cols_inherit mobiles-cols_1 valign_top type_default stacking_default\"><div class=\"wpb_column vc_column_container\"><div class=\"vc_column-inner\"><div class=\"w-person layout_circle\" itemscope itemtype=\"https:\/\/schema.org\/Person\"><div class=\"w-person-image\"><img loading=\"lazy\" decoding=\"async\" width=\"1024\" height=\"1024\" src=\"https:\/\/dental-planet.eu\/wp-content\/uploads\/2023\/10\/farnos-v1.png\" class=\"attachment-large size-large\" alt=\"\" srcset=\"https:\/\/dental-planet.eu\/wp-content\/uploads\/2023\/10\/farnos-v1.png 1024w, https:\/\/dental-planet.eu\/wp-content\/uploads\/2023\/10\/farnos-v1-300x300.png 300w, https:\/\/dental-planet.eu\/wp-content\/uploads\/2023\/10\/farnos-v1-150x150.png 150w\" sizes=\"auto, (max-width: 1024px) 100vw, 1024px\" \/><div class=\"img_hover\" style=\"background-image:url(https:\/\/dental-planet.eu\/wp-content\/uploads\/2023\/10\/farnos-v2.png)\"><\/div><\/div><div class=\"w-person-content\"><h4 itemprop=\"name\" class=\"w-person-name\"><span>Dr Alvaro Farn\u00f3s<\/span><\/h4><div class=\"w-person-role\" itemprop=\"jobTitle\">Implantologue<\/div><\/div><\/div><div class=\"w-popup w-btn-wrapper align_center\"><button aria-label=\"Plus d&amp;apos;informations\" class=\"w-popup-trigger type_btn w-btn us-btn-style_1 icon_atleft\"><i class=\"fas fa-info\"><\/i><span class=\"w-btn-label\">Plus d&apos;informations<\/span><\/button><div class=\"w-popup-overlay\" style=\"background:rgba(0,0,0,0.85);\"><\/div><div class=\"w-popup-wrap\" style=\"--title-color:var(--color-content-heading);--title-bg-color:var(--color-content-bg-alt);--content-color:var(--color-content-text);--content-bg-color:var(--color-content-bg)\"><div class=\"w-popup-box animation_fadeIn closerpos_outside without_title\" style=\"width:600px;\"><div class=\"w-popup-box-h\"><div class=\"w-popup-box-content\" style=\"padding:5%;\"><h2 style=\"text-align: center;\"><strong>Dr \u00c1lvaro Farn\u00f3s<\/strong><\/h2>\n<p style=\"text-align: justify;\">Avec le Dr Alvaro Farn\u00f3s Visedo, implantologue (Universit\u00e9 de Loma Linda, Californie, \u00c9tats-Unis), nous comptons dans notre \u00e9quipe un \u00e9minent sp\u00e9cialiste, professeur d&rsquo;implantologie \u00e0 l&rsquo;Universit\u00e9 Rey Juan Carlos de Madrid. Le docteur Farn\u00f3s op\u00e8re chaque semaine dans notre clinique.<\/p>\n<\/div><\/div><\/div><div class=\"w-popup-closer\"><\/div><\/div><\/div><\/div><\/div><div class=\"wpb_column vc_column_container\"><div class=\"vc_column-inner\"><div class=\"w-person layout_circle\" itemscope itemtype=\"https:\/\/schema.org\/Person\"><div class=\"w-person-image\"><img loading=\"lazy\" decoding=\"async\" width=\"1024\" height=\"1024\" src=\"https:\/\/dental-planet.eu\/wp-content\/uploads\/2023\/10\/machio-v1.png\" class=\"attachment-large size-large\" alt=\"\" srcset=\"https:\/\/dental-planet.eu\/wp-content\/uploads\/2023\/10\/machio-v1.png 1024w, https:\/\/dental-planet.eu\/wp-content\/uploads\/2023\/10\/machio-v1-300x300.png 300w, https:\/\/dental-planet.eu\/wp-content\/uploads\/2023\/10\/machio-v1-150x150.png 150w\" sizes=\"auto, (max-width: 1024px) 100vw, 1024px\" \/><div class=\"img_hover\" style=\"background-image:url(https:\/\/dental-planet.eu\/wp-content\/uploads\/2023\/10\/machio-v2.png)\"><\/div><\/div><div class=\"w-person-content\"><h4 itemprop=\"name\" class=\"w-person-name\"><span>Dr A.M. Machio<\/span><\/h4><div class=\"w-person-role\" itemprop=\"jobTitle\">Dentiste<\/div><\/div><\/div><div class=\"w-popup w-btn-wrapper align_center\"><button aria-label=\"Plus d&amp;apos;informations\" class=\"w-popup-trigger type_btn w-btn us-btn-style_1 icon_atleft\"><i class=\"fas fa-info\"><\/i><span class=\"w-btn-label\">Plus d&apos;informations<\/span><\/button><div class=\"w-popup-overlay\" style=\"background:rgba(0,0,0,0.85);\"><\/div><div class=\"w-popup-wrap\" style=\"--title-color:var(--color-content-heading);--title-bg-color:var(--color-content-bg-alt);--content-color:var(--color-content-text);--content-bg-color:var(--color-content-bg)\"><div class=\"w-popup-box animation_fadeIn closerpos_outside without_title\" style=\"width:600px;\"><div class=\"w-popup-box-h\"><div class=\"w-popup-box-content\" style=\"padding:5%;\"><h2 style=\"text-align: center;\"><strong>Dr A.M. Machio<\/strong><\/h2>\n<p style=\"text-align: justify;\">Dipl\u00f4me de m\u00e9decine et de chirurgie de l&rsquo;universit\u00e9 d&rsquo;Estr\u00e9madure (1986).<br \/>\nSp\u00e9cialiste en stomatologie de l&rsquo;universit\u00e9 de S\u00e9ville (1991).<br \/>\nMaster en esth\u00e9tique dentaire et facettes par le Centre europ\u00e9en d&rsquo;orthodontie.<br \/>\nMa\u00eetrise en occlusion et proth\u00e8se avec le Dr Ferrer (Valence, 1997-1998).<br \/>\nIl a d\u00e9velopp\u00e9 son travail \u00e0 Lisbonne (exclusivement consacr\u00e9 aux proth\u00e8ses fixes) en collaborant avec la clinique du Dr Raul Nobre (1992-2000).<br \/>\nAu CEOSA (Centre europ\u00e9en d&rsquo;orthodontie) dans le d\u00e9partement d&rsquo;odontologie conservatrice et de proth\u00e8se adulte de 1991 \u00e0 1996.<\/p>\n<\/div><\/div><\/div><div class=\"w-popup-closer\"><\/div><\/div><\/div><\/div><\/div><div class=\"wpb_column vc_column_container\"><div class=\"vc_column-inner\"><div class=\"w-person layout_circle\" itemscope itemtype=\"https:\/\/schema.org\/Person\"><div class=\"w-person-image\"><img loading=\"lazy\" decoding=\"async\" width=\"1024\" height=\"1024\" src=\"https:\/\/dental-planet.eu\/wp-content\/uploads\/2023\/10\/celso-v1.png\" class=\"attachment-large size-large\" alt=\"\" srcset=\"https:\/\/dental-planet.eu\/wp-content\/uploads\/2023\/10\/celso-v1.png 1024w, https:\/\/dental-planet.eu\/wp-content\/uploads\/2023\/10\/celso-v1-300x300.png 300w, https:\/\/dental-planet.eu\/wp-content\/uploads\/2023\/10\/celso-v1-150x150.png 150w\" sizes=\"auto, (max-width: 1024px) 100vw, 1024px\" \/><div class=\"img_hover\" style=\"background-image:url(https:\/\/dental-planet.eu\/wp-content\/uploads\/2023\/10\/celso-v2.png)\"><\/div><\/div><div class=\"w-person-content\"><h4 itemprop=\"name\" class=\"w-person-name\"><span>Dr Celso Carpintero<\/span><\/h4><div class=\"w-person-role\" itemprop=\"jobTitle\">Dentiste<\/div><\/div><\/div><div class=\"w-popup w-btn-wrapper align_center\"><button aria-label=\"Plus d&amp;apos;informations\" class=\"w-popup-trigger type_btn w-btn us-btn-style_1 icon_atleft\"><i class=\"fas fa-info\"><\/i><span class=\"w-btn-label\">Plus d&apos;informations<\/span><\/button><div class=\"w-popup-overlay\" style=\"background:rgba(0,0,0,0.85);\"><\/div><div class=\"w-popup-wrap\" style=\"--title-color:var(--color-content-heading);--title-bg-color:var(--color-content-bg-alt);--content-color:var(--color-content-text);--content-bg-color:var(--color-content-bg)\"><div class=\"w-popup-box animation_fadeIn closerpos_outside without_title\" style=\"width:600px;\"><div class=\"w-popup-box-h\"><div class=\"w-popup-box-content\" style=\"padding:5%;\"><h2 style=\"text-align: center;\"><strong>Dr Celso Carpintero<\/strong><\/h2>\n<p style=\"text-align: justify;\">Celso Carpintero a \u00e9tudi\u00e9 \u00e0 l&rsquo;Universit\u00e9 europ\u00e9enne de Madrid, o\u00f9 il a obtenu son dipl\u00f4me de dentiste en 2008. Il a ensuite travaill\u00e9 en Angleterre pendant 10 ans et ma\u00eetrise donc parfaitement l&rsquo;anglais. Il s&rsquo;est sp\u00e9cialis\u00e9 dans les domaines de la proth\u00e8se dentaire de haute qualit\u00e9, de l&rsquo;esth\u00e9tique dentaire et de l&rsquo;odontologie conservatrice (par exemple, plombages, canaux radiculaires, etc.). Nos patients appr\u00e9cient son empathie, sa sensibilit\u00e9 et sa patience, en particulier les patients craintifs et les enfants.<\/p>\n<\/div><\/div><\/div><div class=\"w-popup-closer\"><\/div><\/div><\/div><\/div><\/div><div class=\"wpb_column vc_column_container\"><div class=\"vc_column-inner\"><div class=\"w-person layout_circle\" itemscope itemtype=\"https:\/\/schema.org\/Person\"><div class=\"w-person-image\"><img loading=\"lazy\" decoding=\"async\" width=\"1024\" height=\"1024\" src=\"https:\/\/dental-planet.eu\/wp-content\/uploads\/2023\/10\/klaus-v1.png\" class=\"attachment-large size-large\" alt=\"\" srcset=\"https:\/\/dental-planet.eu\/wp-content\/uploads\/2023\/10\/klaus-v1.png 1024w, https:\/\/dental-planet.eu\/wp-content\/uploads\/2023\/10\/klaus-v1-300x300.png 300w, https:\/\/dental-planet.eu\/wp-content\/uploads\/2023\/10\/klaus-v1-150x150.png 150w\" sizes=\"auto, (max-width: 1024px) 100vw, 1024px\" \/><div class=\"img_hover\" style=\"background-image:url(https:\/\/dental-planet.eu\/wp-content\/uploads\/2023\/10\/klaus-v2.png)\"><\/div><\/div><div class=\"w-person-content\"><h4 itemprop=\"name\" class=\"w-person-name\"><span>Klaus Reger<\/span><\/h4><div class=\"w-person-role\" itemprop=\"jobTitle\">Proth\u00e9siste dentaire<\/div><\/div><\/div><div class=\"w-popup w-btn-wrapper align_center\"><button aria-label=\"Plus d&amp;apos;informations\" class=\"w-popup-trigger type_btn w-btn us-btn-style_1 icon_atleft\"><i class=\"fas fa-info\"><\/i><span class=\"w-btn-label\">Plus d&apos;informations<\/span><\/button><div class=\"w-popup-overlay\" style=\"background:rgba(0,0,0,0.85);\"><\/div><div class=\"w-popup-wrap\" style=\"--title-color:var(--color-content-heading);--title-bg-color:var(--color-content-bg-alt);--content-color:var(--color-content-text);--content-bg-color:var(--color-content-bg)\"><div class=\"w-popup-box animation_fadeIn closerpos_outside without_title\" style=\"width:600px;\"><div class=\"w-popup-box-h\"><div class=\"w-popup-box-content\" style=\"padding:5%;\"><h2 style=\"text-align: center;\"><strong>Klaus Reger<\/strong><\/h2>\n<p style=\"text-align: justify;\">Notre laboratoire dentaire, sous la direction du ma\u00eetre technicien dentaire Sr. Klaus Reger, est d&rsquo;une valeur inestimable pour nous. Seule une parfaite harmonie dans la clinique entre le dentiste proth\u00e9siste, l&rsquo;implantologue et le proth\u00e9siste garantit la r\u00e9ussite du travail.<br \/>\nLorsque des sp\u00e9cialistes travaillent ensemble, l&rsquo;excellence du r\u00e9sultat est garantie !<\/p>\n<\/div><\/div><\/div><div class=\"w-popup-closer\"><\/div><\/div><\/div><\/div><\/div><\/div><\/div><\/div><\/div><\/div><\/section><section class=\"l-section wpb_row us_custom_b03640aa height_medium width_custom\" style=\"--site-content-width:1340px;\"><div class=\"l-section-h i-cf\"><div class=\"g-cols vc_row via_grid cols_1 laptops-cols_inherit tablets-cols_inherit mobiles-cols_1 valign_top type_default stacking_default\"><div class=\"wpb_column vc_column_container\"><div class=\"vc_column-inner\"><div class=\"g-cols wpb_row via_grid cols_1 laptops-cols_inherit tablets-cols_inherit mobiles-cols_1 valign_top type_default stacking_default\"><div class=\"wpb_column vc_column_container\"><div class=\"vc_column-inner\">[vc_custom_heading text=\u00a0\u00bb\u00c9quipe de prophylaxie &#8211; Hygi\u00e8ne bucco-dentaire\u00a0\u00bb font_container=\u00a0\u00bbtag:h2|text_align:center\u00a0\u00bb use_theme_fonts=\u00a0\u00bbyes\u00a0\u00bb]<div class=\"wpb_text_column\"><div class=\"wpb_wrapper\"><p style=\"text-align: justify;\">Nos assistantes Anja Wagner et Rosa Monle\u00f3n, hygi\u00e9niste dentaire, sont charg\u00e9es de la prophylaxie et du traitement parodontal. Elles sont les bonnes f\u00e9es de notre clinique et font tout ce qu&rsquo;elles peuvent pour vous aider \u00e0 garder des dents saines. Ils vous montreront volontiers comment vous laver les dents correctement et vous motiveront \u00e0 le faire.<\/p>\n<\/div><\/div><div class=\"w-separator size_custom\" style=\"height:50px\"><\/div><\/div><\/div><\/div><div class=\"g-cols wpb_row via_grid cols_4 laptops-cols_inherit tablets-cols_inherit mobiles-cols_1 valign_top type_default stacking_default\"><div class=\"wpb_column vc_column_container\"><div class=\"vc_column-inner\"><\/div><\/div><div class=\"wpb_column vc_column_container\"><div class=\"vc_column-inner\"><div class=\"w-person layout_circle\" itemscope itemtype=\"https:\/\/schema.org\/Person\"><div class=\"w-person-image\"><img loading=\"lazy\" decoding=\"async\" width=\"1024\" height=\"1024\" src=\"https:\/\/dental-planet.eu\/wp-content\/uploads\/2023\/10\/anja-v1.png\" class=\"attachment-large size-large\" alt=\"\" srcset=\"https:\/\/dental-planet.eu\/wp-content\/uploads\/2023\/10\/anja-v1.png 1024w, https:\/\/dental-planet.eu\/wp-content\/uploads\/2023\/10\/anja-v1-300x300.png 300w, https:\/\/dental-planet.eu\/wp-content\/uploads\/2023\/10\/anja-v1-150x150.png 150w\" sizes=\"auto, (max-width: 1024px) 100vw, 1024px\" \/><div class=\"img_hover\" style=\"background-image:url(https:\/\/dental-planet.eu\/wp-content\/uploads\/2023\/10\/anja-v2.png)\"><\/div><\/div><div class=\"w-person-content\"><h4 itemprop=\"name\" class=\"w-person-name\"><span>Anja Wagner<\/span><\/h4><div class=\"w-person-role\" itemprop=\"jobTitle\">Hygi\u00e9niste dentaire<\/div><\/div><\/div><div class=\"w-popup w-btn-wrapper align_center\"><button aria-label=\"Plus d&amp;apos;informations\" class=\"w-popup-trigger type_btn w-btn us-btn-style_1 icon_atleft\"><i class=\"fas fa-info\"><\/i><span class=\"w-btn-label\">Plus d&apos;informations<\/span><\/button><div class=\"w-popup-overlay\" style=\"background:rgba(0,0,0,0.85);\"><\/div><div class=\"w-popup-wrap\" style=\"--title-color:var(--color-content-heading);--title-bg-color:var(--color-content-bg-alt);--content-color:var(--color-content-text);--content-bg-color:var(--color-content-bg)\"><div class=\"w-popup-box animation_fadeIn closerpos_outside without_title\" style=\"width:600px;\"><div class=\"w-popup-box-h\"><div class=\"w-popup-box-content\" style=\"padding:5%;\"><h2 style=\"text-align: center;\"><strong>Anja Wagner<\/strong><\/h2>\n<p style=\"text-align: justify;\"><strong>Anja Wagner<\/strong>, assistante en hygi\u00e8ne dentaire <strong><br \/>\n  <a href=\"https:\/\/www.dental-planet.eu\/higiene-dental-torrevieja-higienista-bucodental-espana-profilaxis-dental-limpieza-de-dientes-encia-remover-sarro-placa-dental-cuidados-dentales-air-flow-dentista-aleman-que-habla-espanol-rojales-alicante-\/\">hygi\u00e8ne dentaire<\/a><br \/>\n<\/strong> dans notre plan\u00e8te dentaire en Espagne, Rojales.<\/p>\n<\/div><\/div><\/div><div class=\"w-popup-closer\"><\/div><\/div><\/div><\/div><\/div><div class=\"wpb_column vc_column_container\"><div class=\"vc_column-inner\"><div class=\"w-person layout_circle\" itemscope itemtype=\"https:\/\/schema.org\/Person\"><div class=\"w-person-image\"><img loading=\"lazy\" decoding=\"async\" width=\"1024\" height=\"1024\" src=\"https:\/\/dental-planet.eu\/wp-content\/uploads\/2023\/10\/rosa-monleon.png\" class=\"attachment-large size-large\" alt=\"\" srcset=\"https:\/\/dental-planet.eu\/wp-content\/uploads\/2023\/10\/rosa-monleon.png 1024w, https:\/\/dental-planet.eu\/wp-content\/uploads\/2023\/10\/rosa-monleon-300x300.png 300w, https:\/\/dental-planet.eu\/wp-content\/uploads\/2023\/10\/rosa-monleon-150x150.png 150w\" sizes=\"auto, (max-width: 1024px) 100vw, 1024px\" \/><div class=\"img_hover\" style=\"background-image:url(https:\/\/dental-planet.eu\/wp-content\/uploads\/2023\/10\/rosa-monleon-v2.png)\"><\/div><\/div><div class=\"w-person-content\"><h4 itemprop=\"name\" class=\"w-person-name\"><span>Rosa Monle\u00f3n<\/span><\/h4><div class=\"w-person-role\" itemprop=\"jobTitle\">Hygi\u00e9niste dentaire<\/div><\/div><\/div><div class=\"w-popup w-btn-wrapper align_center\"><button aria-label=\"Plus d&amp;apos;informations\" class=\"w-popup-trigger type_btn w-btn us-btn-style_1 icon_atleft\"><i class=\"fas fa-info\"><\/i><span class=\"w-btn-label\">Plus d&apos;informations<\/span><\/button><div class=\"w-popup-overlay\" style=\"background:rgba(0,0,0,0.85);\"><\/div><div class=\"w-popup-wrap\" style=\"--title-color:var(--color-content-heading);--title-bg-color:var(--color-content-bg-alt);--content-color:var(--color-content-text);--content-bg-color:var(--color-content-bg)\"><div class=\"w-popup-box animation_fadeIn closerpos_outside without_title\" style=\"width:600px;\"><div class=\"w-popup-box-h\"><div class=\"w-popup-box-content\" style=\"padding:5%;\"><h2 style=\"text-align: center;\"><strong>Rosa Monle\u00f3n<\/strong><\/h2>\n<p style=\"text-align: justify;\">Rosa Monle\u00f3n est une hygi\u00e9niste buccale qualifi\u00e9e, enseignante pour la formation des assistantes dentaires \u00e0 l&rsquo;Acad\u00e9mie d&rsquo;Alicante Albali &#8211; c&rsquo;est une hygi\u00e9niste dentaire qui travaille de mani\u00e8re tr\u00e8s prudente et d\u00e9licate. Elle est sp\u00e9cialement form\u00e9e en <strong><br \/>\n  <a href=\"https:\/\/www.dental-planet.eu\/higiene-dental-torrevieja-higienista-bucodental-espana-profilaxis-dental-limpieza-de-dientes-encia-remover-sarro-placa-dental-cuidados-dentales-air-flow-dentista-aleman-que-habla-espanol-rojales-alicante-\/\">l&rsquo;hygi\u00e8ne dentaire<\/a><br \/>\n<\/strong> de patients ayant peur du dentiste, d&rsquo;enfants, de personnes handicap\u00e9es et de patients ayant des difficult\u00e9s respiratoires.<\/p>\n<\/div><\/div><\/div><div class=\"w-popup-closer\"><\/div><\/div><\/div><\/div><\/div><div class=\"wpb_column vc_column_container\"><div class=\"vc_column-inner\"><\/div><\/div><\/div><\/div><\/div><\/div><\/div><\/section><section class=\"l-section wpb_row us_custom_8d45c27c height_medium\"><div class=\"l-section-h i-cf\"><div class=\"g-cols vc_row via_grid cols_1 laptops-cols_inherit tablets-cols_inherit mobiles-cols_1 valign_top type_default stacking_default\"><div class=\"wpb_column vc_column_container\"><div class=\"vc_column-inner\">[vc_custom_heading text=\u00a0\u00bbR\u00e9ception\u00a0\u00bb font_container=\u00a0\u00bbtag:h2|text_align:center\u00a0\u00bb use_theme_fonts=\u00a0\u00bbyes\u00a0\u00bb]<div class=\"g-cols wpb_row via_grid cols_3 laptops-cols_inherit tablets-cols_inherit mobiles-cols_1 valign_top type_default stacking_default\"><div class=\"wpb_column vc_column_container\"><div class=\"vc_column-inner\"><\/div><\/div><div class=\"wpb_column vc_column_container\"><div class=\"vc_column-inner\"><div class=\"w-person layout_circle\" itemscope itemtype=\"https:\/\/schema.org\/Person\"><div class=\"w-person-image\"><img loading=\"lazy\" decoding=\"async\" width=\"1024\" height=\"1024\" src=\"https:\/\/dental-planet.eu\/wp-content\/uploads\/2023\/10\/maria.png\" class=\"attachment-large size-large\" alt=\"\" srcset=\"https:\/\/dental-planet.eu\/wp-content\/uploads\/2023\/10\/maria.png 1024w, https:\/\/dental-planet.eu\/wp-content\/uploads\/2023\/10\/maria-300x300.png 300w, https:\/\/dental-planet.eu\/wp-content\/uploads\/2023\/10\/maria-150x150.png 150w\" sizes=\"auto, (max-width: 1024px) 100vw, 1024px\" \/><div class=\"img_hover\" style=\"background-image:url(https:\/\/dental-planet.eu\/wp-content\/uploads\/2023\/10\/maria-v2.png)\"><\/div><\/div><div class=\"w-person-content\"><h4 itemprop=\"name\" class=\"w-person-name\"><span>Maria Braeuer<\/span><\/h4><div class=\"w-person-role\" itemprop=\"jobTitle\">R\u00e9ception<\/div><\/div><\/div><div class=\"w-popup w-btn-wrapper align_center\"><button aria-label=\"Plus d&amp;apos;informations\" class=\"w-popup-trigger type_btn w-btn us-btn-style_1 icon_atleft\"><i class=\"fas fa-info\"><\/i><span class=\"w-btn-label\">Plus d&apos;informations<\/span><\/button><div class=\"w-popup-overlay\" style=\"background:rgba(0,0,0,0.85);\"><\/div><div class=\"w-popup-wrap\" style=\"--title-color:var(--color-content-heading);--title-bg-color:var(--color-content-bg-alt);--content-color:var(--color-content-text);--content-bg-color:var(--color-content-bg)\"><div class=\"w-popup-box animation_fadeIn closerpos_outside without_title\" style=\"width:600px;\"><div class=\"w-popup-box-h\"><div class=\"w-popup-box-content\" style=\"padding:5%;\"><h2 style=\"text-align: center;\"><strong>Maria Braeuer<\/strong><\/h2>\n<p style=\"text-align: justify;\">Mme <strong>Maria Braeuer<\/strong> vous accueillera \u00e0 la r\u00e9ception de Dental Planet.<br \/>\nElle est charg\u00e9e de coordonner les patients, de les accueillir et de leur ouvrir un dossier m\u00e9dical lors de leur premi\u00e8re venue, de leur donner leur plan de rendez-vous pour le travail \u00e0 effectuer, de garder le contact par t\u00e9l\u00e9phone ou par e-mail, de r\u00e9soudre leurs petits doutes et leurs probl\u00e8mes d&rsquo;organisation. Il se fera un plaisir de vous recevoir en espagnol, et de recevoir nos patients venant d&rsquo;autres parties de l&rsquo;Europe en allemand, anglais, fran\u00e7ais ou italien.<\/p>\n<\/div><\/div><\/div><div class=\"w-popup-closer\"><\/div><\/div><\/div><\/div><\/div><div class=\"wpb_column vc_column_container\"><div class=\"vc_column-inner\"><\/div><\/div><\/div><\/div><\/div><\/div><\/div><\/section>\n","protected":false},"excerpt":{"rendered":"[vc_custom_heading text=\"UNE \u00c9QUIPE DE SP\u00c9CIALISTES \u00c0 VOTRE SERVICE\" font_container=\"tag:h2|text_align:center\" use_theme_fonts=\"yes\"]Les implants sont des racines dentaires artificielles. C&rsquo;est un peu comme si les dents perdues repoussaient dans nos bouches. La pose d&rsquo;implants doit toujours \u00eatre effectu\u00e9e par un implantologue sp\u00e9cialis\u00e9 dans ce domaine de la dentisterie. Dr Alvaro Farn\u00f3sImplantologuePlus d&apos;informationsDr \u00c1lvaro Farn\u00f3s Avec le Dr Alvaro...","protected":false},"author":1,"featured_media":0,"parent":451,"menu_order":0,"comment_status":"closed","ping_status":"closed","template":"","meta":{"footnotes":""},"class_list":["post-301","page","type-page","status-publish","hentry"],"_links":{"self":[{"href":"https:\/\/dental-planet.eu\/fr\/wp-json\/wp\/v2\/pages\/301","targetHints":{"allow":["GET"]}}],"collection":[{"href":"https:\/\/dental-planet.eu\/fr\/wp-json\/wp\/v2\/pages"}],"about":[{"href":"https:\/\/dental-planet.eu\/fr\/wp-json\/wp\/v2\/types\/page"}],"author":[{"embeddable":true,"href":"https:\/\/dental-planet.eu\/fr\/wp-json\/wp\/v2\/users\/1"}],"replies":[{"embeddable":true,"href":"https:\/\/dental-planet.eu\/fr\/wp-json\/wp\/v2\/comments?post=301"}],"version-history":[{"count":15,"href":"https:\/\/dental-planet.eu\/fr\/wp-json\/wp\/v2\/pages\/301\/revisions"}],"predecessor-version":[{"id":2837,"href":"https:\/\/dental-planet.eu\/fr\/wp-json\/wp\/v2\/pages\/301\/revisions\/2837"}],"up":[{"embeddable":true,"href":"https:\/\/dental-planet.eu\/fr\/wp-json\/wp\/v2\/pages\/451"}],"wp:attachment":[{"href":"https:\/\/dental-planet.eu\/fr\/wp-json\/wp\/v2\/media?parent=301"}],"curies":[{"name":"wp","href":"https:\/\/api.w.org\/{rel}","templated":true}]}}